{"version":"1.0","provider_name":"Maria Papoila - Organiza\u00e7\u00e3o de eventos e catering","provider_url":"https:\/\/www.mariapapoila.com\/en\/","author_name":"mariapapoila_user","author_url":"https:\/\/www.mariapapoila.com\/en\/author\/mariapapoila_user\/","title":"P\u00e1tio da Gal\u00e9 - Maria Papoila - Organiza\u00e7\u00e3o de eventos e catering","type":"rich","width":600,"height":338,"html":"<blockquote class=\"wp-embedded-content\" data-secret=\"l4syMiC3B9\"><a href=\"https:\/\/www.mariapapoila.com\/en\/spaces\/patio-da-gale\/\">P\u00e1tio da Gal\u00e9<\/a><\/blockquote><iframe sandbox=\"allow-scripts\" security=\"restricted\" src=\"https:\/\/www.mariapapoila.com\/en\/spaces\/patio-da-gale\/embed\/#?secret=l4syMiC3B9\" width=\"600\" height=\"338\" title=\"&#8220;P\u00e1tio da Gal\u00e9&#8221; &#8212; Maria Papoila - Organiza\u00e7\u00e3o de eventos e catering\" data-secret=\"l4syMiC3B9\" frameborder=\"0\" marginwidth=\"0\" marginheight=\"0\" scrolling=\"no\" class=\"wp-embedded-content\"><\/iframe><script type=\"text\/javascript\">\n\/* <![CDATA[ *\/\n\/*! This file is auto-generated *\/\n!function(d,l){\"use strict\";l.querySelector&&d.addEventListener&&\"undefined\"!=typeof URL&&(d.wp=d.wp||{},d.wp.receiveEmbedMessage||(d.wp.receiveEmbedMessage=function(e){var t=e.data;if((t||t.secret||t.message||t.value)&&!\/[^a-zA-Z0-9]\/.test(t.secret)){for(var s,r,n,a=l.querySelectorAll('iframe[data-secret=\"'+t.secret+'\"]'),o=l.querySelectorAll('blockquote[data-secret=\"'+t.secret+'\"]'),c=new RegExp(\"^https?:$\",\"i\"),i=0;i<o.length;i++)o[i].style.display=\"none\";for(i=0;i<a.length;i++)s=a[i],e.source===s.contentWindow&&(s.removeAttribute(\"style\"),\"height\"===t.message?(1e3<(r=parseInt(t.value,10))?r=1e3:~~r<200&&(r=200),s.height=r):\"link\"===t.message&&(r=new URL(s.getAttribute(\"src\")),n=new URL(t.value),c.test(n.protocol))&&n.host===r.host&&l.activeElement===s&&(d.top.location.href=t.value))}},d.addEventListener(\"message\",d.wp.receiveEmbedMessage,!1),l.addEventListener(\"DOMContentLoaded\",function(){for(var e,t,s=l.querySelectorAll(\"iframe.wp-embedded-content\"),r=0;r<s.length;r++)(t=(e=s[r]).getAttribute(\"data-secret\"))||(t=Math.random().toString(36).substring(2,12),e.src+=\"#?secret=\"+t,e.setAttribute(\"data-secret\",t)),e.contentWindow.postMessage({message:\"ready\",secret:t},\"*\")},!1)))}(window,document);\n\/* ]]> *\/\n<\/script>\n","thumbnail_url":"https:\/\/www.mariapapoila.com\/wp-content\/uploads\/2025\/03\/Pateo-Gale-2.jpg","thumbnail_width":842,"thumbnail_height":501,"description":"P\u00e1tio da Gal\u00e9, located in Lisbon&#8217;s emblematic Pra\u00e7a do Com\u00e9rcio, is one of the city&#8217;s most exclusive event venues. With its elegant architecture and sophisticated atmosphere, this historic venue is ideal for weddings, receptions, corporate events and product launches. The combination of the grandeur of the arches, the view of the Tagus and the versatility [&hellip;]"}